{"id":816,"date":"2018-05-18T15:40:33","date_gmt":"2018-05-18T13:40:33","guid":{"rendered":"http:\/\/www.lacabanademozoncillo.es\/sp\/?page_id=816"},"modified":"2018-05-18T16:16:57","modified_gmt":"2018-05-18T14:16:57","slug":"politica-de-privacidad","status":"publish","type":"page","link":"https:\/\/www.lacabanademozoncillo.es\/sp\/politica-de-privacidad\/","title":{"rendered":"Pol\u00edtica de privacidad"},"content":{"rendered":"<p>1. INFORMACI\u00d3N AL USUARIO<\/p>\n<p>PILAR MIGUEL MILL\u00c1N, en adelante RESPONSABLE, es el Responsable del tratamiento de los datos personales del Usuario\u00a0y le informa que estos datos ser\u00e1n tratados de conformidad con lo dispuesto en las normativas vigentes en protecci\u00f3n de datos personales, el Reglamento (UE) 2016\/679 de 27 de abril de 2016 (GDPR) \u00a0relativo a la protecci\u00f3n de las personas f\u00edsicas en lo que respecta al tratamiento de datos personales y a la libre circulaci\u00f3n de estos datos\u00a0y la Ley Org\u00e1nica (ES) 15\/1999 de 13 de diciembre (LOPD) relativa a la protecci\u00f3n de datos de car\u00e1cter personal, por lo que se le facilita la\u00a0siguiente informaci\u00f3n del tratamiento:<\/p>\n<p><strong>Fin del tratamiento<\/strong>:\u00a0mantener una relaci\u00f3n comercial con el Usuario. Las operaciones previstas para realizar el\u00a0tratamiento son:<\/p>\n<ul>\n<li>Tramitar encargos, solicitudes, reservas o cualquier tipo de petici\u00f3n que sea realizada por el usuario a trav\u00e9s de cualquiera de las formas de contacto que se ponen a su disposici\u00f3n.<\/li>\n<li>Recabar opiniones sobre el servicio prestado.<\/li>\n<li>Realizar estudios estad\u00edsticos.<\/li>\n<\/ul>\n<p><strong>Criterios de conservaci\u00f3n de los datos<\/strong>:\u00a0se conservar\u00e1n mientras exista un inter\u00e9s mutuo para mantener el fin del tratamiento y cuando ya no sea necesario para tal fin,\u00a0se suprimir\u00e1n con medidas de seguridad adecuadas para garantizar la seudonimizaci\u00f3n de los datos o la destrucci\u00f3n total de los mismos.<\/p>\n<p><strong>Comunicaci\u00f3n de\u00a0los datos<\/strong>: No se comunicar\u00e1n los datos a terceros, salvo obligaci\u00f3n legal.<\/p>\n<p><strong>Derechos que asisten al Usuario<\/strong>:<\/p>\n<ul>\n<li>Derecho a retirar el consentimiento en cualquier momento.<\/li>\n<li>Derecho de acceso, rectificaci\u00f3n, portabilidad y supresi\u00f3n de sus datos y a la limitaci\u00f3n u oposici\u00f3n al su tratamiento.<\/li>\n<li>Derecho a presentar una reclamaci\u00f3n ante la autoridad de control (agpd.es) si\u00a0considera que el tratamiento no se ajusta a la normativa vigente.<\/li>\n<li>Datos de contacto para ejercer sus derechos:<\/li>\n<\/ul>\n<p>Direcci\u00f3n postal: PILAR MIGUEL MILL\u00c1N. Calle Alta, 36. 09198 Mozoncillo de Juarros (Burgos).<br \/>\nDirecci\u00f3n electr\u00f3nica: reservas@lacabanademozoncillo.es<\/p>\n<p>2. CAR\u00c1CTER OBLIGATORIO O FACULTATIVO DE LA INFORMACI\u00d3N FACILITADA POR EL USUARIO.<\/p>\n<p>Los Usuarios, mediante la marcaci\u00f3n de las casillas correspondientes y entrada de datos en los campos, marcados con un asterisco (*) en el formulario de contacto o presentados en formularios de descarga, aceptan expresamente y de forma libre e inequ\u00edvoca, que sus datos son necesarios para atender su petici\u00f3n, por parte del prestador, siendo voluntaria la inclusi\u00f3n de datos en los campos restantes. El Usuario garantiza que los datos personales facilitados al RESPONSABLE\u00a0son veraces y se hace responsable de comunicar cualquier modificaci\u00f3n de los mismos.<\/p>\n<p>El RESPONSABLE informa y garantiza expresamente a los usuarios que sus datos personales no ser\u00e1n cedidos en ning\u00fan caso a terceros, y que siempre que realizara alg\u00fan tipo de cesi\u00f3n de datos personales, se pedir\u00e1 previamente el consentimiento expreso, informado e inequ\u00edvoco por parte los Usuarios. Todos los datos solicitados a trav\u00e9s del sitio web son obligatorios, ya que son necesarios para la prestaci\u00f3n de un servicio \u00f3ptimo al Usuario. En caso de que no sean facilitados todos los datos, no se garantiza que la informaci\u00f3n y servicios facilitados sean completamente ajustados a sus necesidades.<\/p>\n<p>3. MEDIDAS DE SEGURIDAD<\/p>\n<p>Que de conformidad con lo dispuesto en las normativas vigentes en protecci\u00f3n de datos personales, el RESPONSABLE\u00a0est\u00e1 cumpliendo con todas las disposiciones de las normativas GDPR y LOPD\u00a0para\u00a0el tratamiento de los datos personales de su responsabilidad, y manifiestamente con los principios descritos en el art\u00edculo 5 del GDPR y en el art\u00edculo 4 de la LOPD, por los cuales son tratados de manera l\u00edcita, leal y transparente en relaci\u00f3n con el interesado y adecuados, pertinentes y limitados a lo necesario en relaci\u00f3n con los fines para los que son tratados.<\/p>\n<p>El RESPONSABLE\u00a0garantiza que ha implementado pol\u00edticas t\u00e9cnicas y organizativas apropiadas para aplicar las medidas de seguridad que establecen el GDPR y la LOPD con el fin de proteger los derechos y libertades de los Usuarios y les ha comunicado la informaci\u00f3n adecuada para que puedan ejercerlos.<\/p>\n","protected":false},"excerpt":{"rendered":"<p>1. INFORMACI\u00d3N AL USUARIO PILAR MIGUEL MILL\u00c1N, en adelante RESPONSABLE, es el Responsable del tratamiento de los datos personales del Usuario\u00a0y le informa que estos datos ser\u00e1n tratados de conformidad con lo dispuesto en las normativas vigentes en protecci\u00f3n de datos personales, el Reglamento (UE) 2016\/679 de 27 de abril de 2016 (GDPR) \u00a0relativo a [&hellip;]<\/p>\n","protected":false},"author":2,"featured_media":0,"parent":0,"menu_order":0,"comment_status":"closed","ping_status":"closed","template":"","meta":{"_et_pb_use_builder":"","_et_pb_old_content":"","_et_gb_content_width":"","footnotes":""},"_links":{"self":[{"href":"https:\/\/www.lacabanademozoncillo.es\/sp\/wp-json\/wp\/v2\/pages\/816"}],"collection":[{"href":"https:\/\/www.lacabanademozoncillo.es\/sp\/wp-json\/wp\/v2\/pages"}],"about":[{"href":"https:\/\/www.lacabanademozoncillo.es\/sp\/wp-json\/wp\/v2\/types\/page"}],"author":[{"embeddable":true,"href":"https:\/\/www.lacabanademozoncillo.es\/sp\/wp-json\/wp\/v2\/users\/2"}],"replies":[{"embeddable":true,"href":"https:\/\/www.lacabanademozoncillo.es\/sp\/wp-json\/wp\/v2\/comments?post=816"}],"version-history":[{"count":4,"href":"https:\/\/www.lacabanademozoncillo.es\/sp\/wp-json\/wp\/v2\/pages\/816\/revisions"}],"predecessor-version":[{"id":823,"href":"https:\/\/www.lacabanademozoncillo.es\/sp\/wp-json\/wp\/v2\/pages\/816\/revisions\/823"}],"wp:attachment":[{"href":"https:\/\/www.lacabanademozoncillo.es\/sp\/wp-json\/wp\/v2\/media?parent=816"}],"curies":[{"name":"wp","href":"https:\/\/api.w.org\/{rel}","templated":true}]}}