{"id":70,"date":"2016-12-12T16:02:32","date_gmt":"2016-12-12T15:02:32","guid":{"rendered":"http:\/\/www.lacabanademozoncillo.es\/sp\/?page_id=70"},"modified":"2025-09-29T12:37:27","modified_gmt":"2025-09-29T10:37:27","slug":"inicio","status":"publish","type":"page","link":"https:\/\/www.lacabanademozoncillo.es\/sp\/","title":{"rendered":"Inicio"},"content":{"rendered":"<p>[et_pb_section fb_built=\u00bb1&#8243; fullwidth=\u00bbon\u00bb custom_padding_last_edited=\u00bbon|desktop\u00bb admin_label=\u00bbsection\u00bb _builder_version=\u00bb4.15&#8243; custom_padding=\u00bb0px|0px|0px|0px\u00bb custom_padding_tablet=\u00bb50px|0|50px|0&#8243; custom_padding_phone=\u00bb\u00bb padding_mobile=\u00bboff\u00bb global_colors_info=\u00bb{}\u00bb][et_pb_fullwidth_slider show_arrows=\u00bboff\u00bb show_pagination=\u00bboff\u00bb show_image_video_mobile=\u00bbon\u00bb admin_label=\u00bbFullwidth Slider\u00bb _builder_version=\u00bb4.15&#8243; background_position=\u00bbtop_left\u00bb custom_padding=\u00bb100px||100px|\u00bb custom_padding_tablet=\u00bb|||\u00bb custom_padding_phone=\u00bb|||\u00bb box_shadow_style=\u00bbpreset6&#8243; box_shadow_blur=\u00bb10px\u00bb box_shadow_color=\u00bbrgba(0,0,0,0.1)\u00bb top_padding=\u00bb100px\u00bb bottom_padding=\u00bb100px\u00bb show_inner_shadow=\u00bbon\u00bb global_colors_info=\u00bb{}\u00bb button_text_size__hover_enabled=\u00bboff\u00bb button_one_text_size__hover_enabled=\u00bboff\u00bb button_two_text_size__hover_enabled=\u00bboff\u00bb button_text_color__hover_enabled=\u00bboff\u00bb button_one_text_color__hover_enabled=\u00bboff\u00bb button_two_text_color__hover_enabled=\u00bboff\u00bb button_border_width__hover_enabled=\u00bboff\u00bb button_one_border_width__hover_enabled=\u00bboff\u00bb button_two_border_width__hover_enabled=\u00bboff\u00bb button_border_color__hover_enabled=\u00bboff\u00bb button_one_border_color__hover_enabled=\u00bboff\u00bb button_two_border_color__hover_enabled=\u00bboff\u00bb button_border_radius__hover_enabled=\u00bboff\u00bb button_one_border_radius__hover_enabled=\u00bboff\u00bb button_two_border_radius__hover_enabled=\u00bboff\u00bb button_letter_spacing__hover_enabled=\u00bboff\u00bb button_one_letter_spacing__hover_enabled=\u00bboff\u00bb button_two_letter_spacing__hover_enabled=\u00bboff\u00bb button_bg_color__hover_enabled=\u00bboff\u00bb button_one_bg_color__hover_enabled=\u00bboff\u00bb button_two_bg_color__hover_enabled=\u00bboff\u00bb][et_pb_slide button_text=\u00bbHaz tu reserva\u00bb button_link=\u00bbhttp:\/\/www.lacabanademozoncillo.es\/sp\/reservas\/\u00bb use_bg_overlay=\u00bboff\u00bb use_text_overlay=\u00bbon\u00bb text_overlay_color=\u00bbrgba(0,0,0,0.44)\u00bb _builder_version=\u00bb4.15&#8243; header_font=\u00bb||||\u00bb header_font_size=\u00bb30&#8243; body_font=\u00bb||||\u00bb background_color=\u00bb#ffffff\u00bb background_image=\u00bbhttps:\/\/www.lacabanademozoncillo.es\/sp\/wp-content\/uploads\/2016\/12\/foto_cabecera2.jpg\u00bb background_enable_image=\u00bbon\u00bb background_position=\u00bbtop_left\u00bb background_video_mp4=\u00bbhttps:\/\/www.lacabanademozoncillo.es\/sp\/wp-content\/uploads\/2017\/05\/Cascada_sinsonido.mp4&#8243; background_enable_video_mp4=\u00bbon\u00bb custom_button=\u00bbon\u00bb button_text_color=\u00bbrgba(140,84,29,0.84)\u00bb button_bg_color=\u00bb#f0e9dc\u00bb button_font=\u00bb||||\u00bb button_icon_placement=\u00bbright\u00bb button_on_hover=\u00bbon\u00bb header_font_size_tablet=\u00bb30&#8243; header_font_size_phone=\u00bb30&#8243; video_bg_mp4=\u00bbhttp:\/\/www.lacabanademozoncillo.es\/sp\/wp-content\/uploads\/2017\/05\/Cascada_sinsonido.mp4&#8243; global_colors_info=\u00bb{}\u00bb button_text_size__hover_enabled=\u00bboff\u00bb button_one_text_size__hover_enabled=\u00bboff\u00bb button_two_text_size__hover_enabled=\u00bboff\u00bb button_text_color__hover_enabled=\u00bboff\u00bb button_one_text_color__hover_enabled=\u00bboff\u00bb button_two_text_color__hover_enabled=\u00bboff\u00bb button_border_width__hover_enabled=\u00bboff\u00bb button_one_border_width__hover_enabled=\u00bboff\u00bb button_two_border_width__hover_enabled=\u00bboff\u00bb button_border_color__hover_enabled=\u00bboff\u00bb button_one_border_color__hover_enabled=\u00bboff\u00bb button_two_border_color__hover_enabled=\u00bboff\u00bb button_border_radius__hover_enabled=\u00bboff\u00bb button_one_border_radius__hover_enabled=\u00bboff\u00bb button_two_border_radius__hover_enabled=\u00bboff\u00bb button_letter_spacing__hover_enabled=\u00bboff\u00bb button_one_letter_spacing__hover_enabled=\u00bboff\u00bb button_two_letter_spacing__hover_enabled=\u00bboff\u00bb button_bg_color__hover_enabled=\u00bboff\u00bb button_one_bg_color__hover_enabled=\u00bboff\u00bb button_two_bg_color__hover_enabled=\u00bboff\u00bb sticky_transition=\u00bbon\u00bb]<img loading=\"lazy\" decoding=\"async\" class=\"aligncenter size-full wp-image-684\" src=\"https:\/\/www.lacabanademozoncillo.es\/sp\/wp-content\/uploads\/2016\/12\/logo_mayo2017.png\" alt=\"logotipo\" width=\"200\" height=\"185\" \/><\/p>\n<h4 style=\"text-align: center;\">Un para\u00edso donde disfrutar la tranquilidad, huir de las prisas de la ciudad y contemplar los peque\u00f1os placeres de la vida&#8230;<\/h4>\n<p>[\/et_pb_slide][\/et_pb_fullwidth_slider][\/et_pb_section][et_pb_section fb_built=\u00bb1&#8243; custom_padding_last_edited=\u00bbon|desktop\u00bb module_id=\u00bblacasa\u00bb _builder_version=\u00bb4.15&#8243; background_color=\u00bb#f0e9dc\u00bb custom_padding=\u00bb14px||10px|\u00bb custom_padding_tablet=\u00bb50px|0|50px|0&#8243; custom_padding_phone=\u00bb\u00bb padding_mobile=\u00bboff\u00bb global_colors_info=\u00bb{}\u00bb][et_pb_row padding_mobile=\u00bboff\u00bb column_padding_mobile=\u00bbon\u00bb _builder_version=\u00bb4.15&#8243; background_size=\u00bbinitial\u00bb background_position=\u00bbtop_left\u00bb background_repeat=\u00bbrepeat\u00bb global_colors_info=\u00bb{}\u00bb][et_pb_column type=\u00bb4_4&#8243; _builder_version=\u00bb4.15&#8243; custom_padding=\u00bb|||\u00bb global_colors_info=\u00bb{}\u00bb custom_padding__hover=\u00bb|||\u00bb][et_pb_text admin_label=\u00bbTexto\u00bb _builder_version=\u00bb4.15.1&#8243; background_size=\u00bbinitial\u00bb background_position=\u00bbtop_left\u00bb background_repeat=\u00bbrepeat\u00bb text_orientation=\u00bbcenter\u00bb module_alignment=\u00bbcenter\u00bb global_colors_info=\u00bb{}\u00bb]<\/p>\n<h5>La Caba\u00f1a de Mozoncillo se encuentra en un peque\u00f1o pueblo burgal\u00e9s llamado <a href=\"https:\/\/www.casasrurales.net\/casas-rurales\/burgos\/mozoncillo-de-juarros\">Mozoncillo de Juarros<\/a><\/h5>\n<p>[\/et_pb_text][\/et_pb_column][\/et_pb_row][\/et_pb_section][et_pb_section fb_built=\u00bb1&#8243; custom_padding_last_edited=\u00bbon|desktop\u00bb _builder_version=\u00bb4.15&#8243; background_color=\u00bbrgba(255,255,255,0)\u00bb custom_padding=\u00bb10px|0px|6px|0px\u00bb custom_padding_tablet=\u00bb50px|0|50px|0&#8243; custom_padding_phone=\u00bb\u00bb transparent_background=\u00bbon\u00bb padding_mobile=\u00bboff\u00bb global_colors_info=\u00bb{}\u00bb][et_pb_row column_structure=\u00bb1_2,1_2&#8243; _builder_version=\u00bb4.15&#8243; background_size=\u00bbinitial\u00bb background_position=\u00bbtop_left\u00bb background_repeat=\u00bbrepeat\u00bb global_colors_info=\u00bb{}\u00bb][et_pb_column type=\u00bb1_2&#8243; _builder_version=\u00bb4.15&#8243; custom_padding=\u00bb|||\u00bb global_colors_info=\u00bb{}\u00bb custom_padding__hover=\u00bb|||\u00bb][et_pb_text _builder_version=\u00bb4.15&#8243; background_size=\u00bbinitial\u00bb background_position=\u00bbtop_left\u00bb background_repeat=\u00bbrepeat\u00bb global_colors_info=\u00bb{}\u00bb]<\/p>\n<p style=\"text-align: justify;\">La <strong>casa rural es de piedra\u00a0<\/strong>por fuera y madera por dentro. Ha sido restaurada en el a\u00f1o 2008. Tiene una capacidad m\u00e1xima para 10 personas y se alquila de forma \u00edntegra.\u00a0La decoraci\u00f3n de la casa es <strong>tradicional<\/strong>, pero resulta muy <strong>acogedora<\/strong>.<\/p>\n<p style=\"text-align: justify;\">El alojamiento, por supuesto, dispone de <strong>calefacci\u00f3n<\/strong>, imprescindible en invierno. El suelo de la planta baja tiene calefacci\u00f3n radial y para los ni\u00f1os en invierno es muy interesante porque est\u00e1 calentito (recomendable para familias con ni\u00f1os).<\/p>\n<p style=\"text-align: justify;\">Y como hemos pensado en todo, la planta de abajo est\u00e1 <strong>adaptada a personas con movilidad reducida<\/strong>.<\/p>\n<p>[\/et_pb_text][\/et_pb_column][et_pb_column type=\u00bb1_2&#8243; _builder_version=\u00bb4.15&#8243; custom_padding=\u00bb|||\u00bb global_colors_info=\u00bb{}\u00bb custom_padding__hover=\u00bb|||\u00bb][et_pb_video src=\u00bbhttps:\/\/www.lacabanademozoncillo.es\/sp\/wp-content\/uploads\/2017\/05\/video_lacabana_mozoncillo.mp4&#8243; image_src=\u00bbhttps:\/\/www.lacabanademozoncillo.es\/sp\/wp-content\/uploads\/2016\/12\/captura_video.jpg\u00bb _builder_version=\u00bb4.15&#8243; global_colors_info=\u00bb{}\u00bb][\/et_pb_video][\/et_pb_column][\/et_pb_row][\/et_pb_section][et_pb_section fb_built=\u00bb1&#8243; custom_padding_last_edited=\u00bbon|desktop\u00bb _builder_version=\u00bb4.15&#8243; background_color=\u00bb#f0e9dc\u00bb custom_padding=\u00bb25px|0px|18px|0px\u00bb custom_padding_tablet=\u00bb50px|0|50px|0&#8243; custom_padding_phone=\u00bb\u00bb padding_mobile=\u00bboff\u00bb global_colors_info=\u00bb{}\u00bb][et_pb_row padding_mobile=\u00bboff\u00bb column_padding_mobile=\u00bbon\u00bb module_class=\u00bb et_pb_row_fullwidth\u00bb _builder_version=\u00bb4.15&#8243; background_size=\u00bbinitial\u00bb background_position=\u00bbtop_left\u00bb background_repeat=\u00bbrepeat\u00bb width=\u00bb89%\u00bb width_tablet=\u00bb80%\u00bb width_phone=\u00bb\u00bb width_last_edited=\u00bbon|desktop\u00bb max_width=\u00bb89%\u00bb max_width_tablet=\u00bb80%\u00bb max_width_phone=\u00bb\u00bb max_width_last_edited=\u00bbon|desktop\u00bb custom_padding=\u00bb27px|0px|0px|0px\u00bb make_fullwidth=\u00bbon\u00bb global_colors_info=\u00bb{}\u00bb][et_pb_column type=\u00bb4_4&#8243; module_class=\u00bbseis-columnas\u00bb _builder_version=\u00bb4.15&#8243; custom_padding=\u00bb|||\u00bb global_colors_info=\u00bb{}\u00bb custom_padding__hover=\u00bb|||\u00bb][et_pb_blurb title=\u00bbm\u00e1ximo 10 hu\u00e9spedes\u00bb image=\u00bbhttps:\/\/www.lacabanademozoncillo.es\/sp\/wp-content\/uploads\/2016\/12\/10_huespedes.png\u00bb alt=\u00bbm\u00e1ximo 10 hu\u00e9spedes\u00bb image_icon_width=\u00bbnone\u00bb _builder_version=\u00bb4.15&#8243; header_font_size=\u00bb17px\u00bb background_size=\u00bbinitial\u00bb background_position=\u00bbtop_left\u00bb background_repeat=\u00bbrepeat\u00bb text_orientation=\u00bbcenter\u00bb animation=\u00bboff\u00bb image_max_width=\u00bbnone\u00bb global_colors_info=\u00bb{}\u00bb][\/et_pb_blurb][et_pb_blurb title=\u00bb5 habitaciones\u00bb image=\u00bbhttps:\/\/www.lacabanademozoncillo.es\/sp\/wp-content\/uploads\/2016\/12\/habitaciones.png\u00bb alt=\u00bb5 habitaciones\u00bb image_icon_width=\u00bbnone\u00bb _builder_version=\u00bb4.15&#8243; header_font_size=\u00bb17px\u00bb background_size=\u00bbinitial\u00bb background_position=\u00bbtop_left\u00bb background_repeat=\u00bbrepeat\u00bb text_orientation=\u00bbcenter\u00bb animation=\u00bboff\u00bb image_max_width=\u00bbnone\u00bb global_colors_info=\u00bb{}\u00bb][\/et_pb_blurb][et_pb_blurb title=\u00bb3 ba\u00f1os\u00bb image=\u00bbhttps:\/\/www.lacabanademozoncillo.es\/sp\/wp-content\/uploads\/2016\/12\/banio.png\u00bb alt=\u00bb3 cuartos de ba\u00f1o\u00bb image_icon_width=\u00bbnone\u00bb _builder_version=\u00bb4.15&#8243; header_font_size=\u00bb17px\u00bb background_size=\u00bbinitial\u00bb background_position=\u00bbtop_left\u00bb background_repeat=\u00bbrepeat\u00bb text_orientation=\u00bbcenter\u00bb animation=\u00bboff\u00bb image_max_width=\u00bbnone\u00bb global_colors_info=\u00bb{}\u00bb][\/et_pb_blurb][et_pb_blurb title=\u00bb7 camas\u00bb image=\u00bbhttps:\/\/www.lacabanademozoncillo.es\/sp\/wp-content\/uploads\/2016\/12\/7camas.png\u00bb alt=\u00bb7 camas\u00bb image_icon_width=\u00bbnone\u00bb _builder_version=\u00bb4.15&#8243; header_font_size=\u00bb18px\u00bb background_size=\u00bbinitial\u00bb background_position=\u00bbtop_left\u00bb background_repeat=\u00bbrepeat\u00bb text_orientation=\u00bbcenter\u00bb animation=\u00bboff\u00bb image_max_width=\u00bbnone\u00bb global_colors_info=\u00bb{}\u00bb][\/et_pb_blurb][et_pb_blurb title=\u00bbplanta baja adaptada\u00bb image=\u00bbhttps:\/\/www.lacabanademozoncillo.es\/sp\/wp-content\/uploads\/2016\/12\/adaptada.png\u00bb alt=\u00bbplanta baja adaptada\u00bb image_icon_width=\u00bbnone\u00bb _builder_version=\u00bb4.15&#8243; header_font_size=\u00bb17px\u00bb background_size=\u00bbinitial\u00bb background_position=\u00bbtop_left\u00bb background_repeat=\u00bbrepeat\u00bb text_orientation=\u00bbcenter\u00bb animation=\u00bboff\u00bb image_max_width=\u00bbnone\u00bb global_colors_info=\u00bb{}\u00bb][\/et_pb_blurb][et_pb_blurb title=\u00bbno se admiten mascotas\u00bb image=\u00bbhttps:\/\/www.lacabanademozoncillo.es\/sp\/wp-content\/uploads\/2016\/12\/no_mascotas.png\u00bb alt=\u00bbno se admiten mascotas\u00bb image_icon_width=\u00bbnone\u00bb _builder_version=\u00bb4.15&#8243; header_font_size=\u00bb17px\u00bb background_size=\u00bbinitial\u00bb background_position=\u00bbtop_left\u00bb background_repeat=\u00bbrepeat\u00bb text_orientation=\u00bbcenter\u00bb animation=\u00bboff\u00bb image_max_width=\u00bbnone\u00bb global_colors_info=\u00bb{}\u00bb][\/et_pb_blurb][\/et_pb_column][\/et_pb_row][\/et_pb_section][et_pb_section fb_built=\u00bb1&#8243; custom_padding_last_edited=\u00bbon|desktop\u00bb admin_label=\u00bbsection\u00bb module_id=\u00bbimagenes\u00bb _builder_version=\u00bb4.15&#8243; custom_padding=\u00bb0px|0px|0px|0px\u00bb custom_padding_tablet=\u00bb50px|0|50px|0&#8243; custom_padding_phone=\u00bb\u00bb padding_mobile=\u00bboff\u00bb global_colors_info=\u00bb{}\u00bb][et_pb_row use_custom_gutter=\u00bbon\u00bb gutter_width=\u00bb0&#8243; padding_mobile=\u00bbon\u00bb column_padding_mobile=\u00bbon\u00bb admin_label=\u00bbrow\u00bb module_class=\u00bb et_pb_row_fullwidth\u00bb _builder_version=\u00bb4.15&#8243; background_size=\u00bbinitial\u00bb background_position=\u00bbtop_left\u00bb background_repeat=\u00bbrepeat\u00bb width=\u00bb100%\u00bb width_tablet=\u00bb100%\u00bb width_phone=\u00bb\u00bb width_last_edited=\u00bbon|desktop\u00bb max_width=\u00bb100%\u00bb max_width_tablet=\u00bb100%\u00bb max_width_phone=\u00bb\u00bb max_width_last_edited=\u00bbon|desktop\u00bb custom_padding=\u00bb40px|0px|0px|0px\u00bb make_fullwidth=\u00bbon\u00bb global_colors_info=\u00bb{}\u00bb][et_pb_column type=\u00bb4_4&#8243; _builder_version=\u00bb4.15&#8243; custom_padding=\u00bb|||\u00bb global_colors_info=\u00bb{}\u00bb custom_padding__hover=\u00bb|||\u00bb][et_pb_text _builder_version=\u00bb4.15&#8243; background_size=\u00bbinitial\u00bb background_position=\u00bbtop_left\u00bb background_repeat=\u00bbrepeat\u00bb text_orientation=\u00bbcenter\u00bb module_alignment=\u00bbcenter\u00bb custom_margin=\u00bb0px||20px|\u00bb global_colors_info=\u00bb{}\u00bb]<\/p>\n<h3>Galer\u00eda de Im\u00e1genes<\/h3>\n<p>[\/et_pb_text][et_pb_gallery gallery_ids=\u00bb186,453,766,120,454,118,119,770,764,124,757,759,127,126,760,125,762,767&#8243; posts_number=\u00bb18&#8243; show_title_and_caption=\u00bboff\u00bb show_pagination=\u00bboff\u00bb zoom_icon_color=\u00bb#ffffff\u00bb hover_overlay_color=\u00bbrgba(0,0,0,0.63)\u00bb hover_icon=\u00bb&#x54;||divi||400&#8243; _builder_version=\u00bb4.15&#8243; custom_css_gallery_item=\u00bbmargin: 0 !important;||clear: none !important;||width: 16.66% !important;||padding: 1px;||\u00bb border_style=\u00bbsolid\u00bb global_colors_info=\u00bb{}\u00bb][\/et_pb_gallery][\/et_pb_column][\/et_pb_row][\/et_pb_section][et_pb_section fb_built=\u00bb1&#8243; custom_padding_last_edited=\u00bbon|desktop\u00bb _builder_version=\u00bb4.15&#8243; custom_padding=\u00bb30px||25px|\u00bb custom_padding_tablet=\u00bb50px|0|50px|0&#8243; custom_padding_phone=\u00bb\u00bb padding_mobile=\u00bboff\u00bb global_colors_info=\u00bb{}\u00bb][et_pb_row column_structure=\u00bb1_4,1_4,1_4,1_4&#8243; padding_mobile=\u00bboff\u00bb column_padding_mobile=\u00bbon\u00bb _builder_version=\u00bb4.15&#8243; background_size=\u00bbinitial\u00bb background_position=\u00bbtop_left\u00bb background_repeat=\u00bbrepeat\u00bb global_colors_info=\u00bb{}\u00bb][et_pb_column type=\u00bb1_4&#8243; _builder_version=\u00bb4.15&#8243; custom_padding=\u00bb|||\u00bb global_colors_info=\u00bb{}\u00bb custom_padding__hover=\u00bb|||\u00bb][et_pb_text _builder_version=\u00bb4.15&#8243; background_size=\u00bbinitial\u00bb background_position=\u00bbtop_left\u00bb background_repeat=\u00bbrepeat\u00bb text_orientation=\u00bbright\u00bb global_colors_info=\u00bb{}\u00bb]<\/p>\n<h3>Caracter\u00edsticas<\/h3>\n<p>[\/et_pb_text][\/et_pb_column][et_pb_column type=\u00bb1_4&#8243; _builder_version=\u00bb4.15&#8243; custom_padding=\u00bb|||\u00bb global_colors_info=\u00bb{}\u00bb custom_padding__hover=\u00bb|||\u00bb][et_pb_text _builder_version=\u00bb4.15&#8243; background_size=\u00bbinitial\u00bb background_position=\u00bbtop_left\u00bb background_repeat=\u00bbrepeat\u00bb global_colors_info=\u00bb{}\u00bb]<\/p>\n<ul>\n<li>Comedor<\/li>\n<li>Televisi\u00f3n<\/li>\n<li>Ba\u00f1o en habitaci\u00f3n<\/li>\n<li>Lavavajillas<\/li>\n<\/ul>\n<hr \/>\n<ul>\n<li>Colecci\u00f3n de Juegos<\/li>\n<li>Restaurante cercano<\/li>\n<\/ul>\n<p>[\/et_pb_text][\/et_pb_column][et_pb_column type=\u00bb1_4&#8243; _builder_version=\u00bb4.15&#8243; custom_padding=\u00bb|||\u00bb global_colors_info=\u00bb{}\u00bb custom_padding__hover=\u00bb|||\u00bb][et_pb_text _builder_version=\u00bb4.15&#8243; background_size=\u00bbinitial\u00bb background_position=\u00bbtop_left\u00bb background_repeat=\u00bbrepeat\u00bb global_colors_info=\u00bb{}\u00bb]<\/p>\n<ul>\n<li>DVD<\/li>\n<li>Microondas<\/li>\n<li>Cocina<\/li>\n<li>Calefacci\u00f3n<\/li>\n<\/ul>\n<hr \/>\n<ul>\n<li>Cuna para beb\u00e9s<\/li>\n<li>Informaci\u00f3n tur\u00edstica<\/li>\n<\/ul>\n<p>[\/et_pb_text][\/et_pb_column][et_pb_column type=\u00bb1_4&#8243; _builder_version=\u00bb4.15&#8243; custom_padding=\u00bb|||\u00bb global_colors_info=\u00bb{}\u00bb custom_padding__hover=\u00bb|||\u00bb][et_pb_text _builder_version=\u00bb4.15&#8243; background_size=\u00bbinitial\u00bb background_position=\u00bbtop_left\u00bb background_repeat=\u00bbrepeat\u00bb global_colors_info=\u00bb{}\u00bb]<\/p>\n<ul>\n<li>TV en habitaci\u00f3n<\/li>\n<li>Ba\u00f1o compartido<\/li>\n<li>Lavadora<\/li>\n<\/ul>\n<p>[\/et_pb_text][\/et_pb_column][\/et_pb_row][\/et_pb_section][et_pb_section fb_built=\u00bb1&#8243; fullwidth=\u00bbon\u00bb custom_padding_last_edited=\u00bbon|desktop\u00bb module_id=\u00bbturismo\u00bb _builder_version=\u00bb4.15&#8243; custom_padding_tablet=\u00bb50px|0|50px|0&#8243; custom_padding_phone=\u00bb\u00bb padding_mobile=\u00bboff\u00bb global_colors_info=\u00bb{}\u00bb][et_pb_fullwidth_slider show_arrows=\u00bboff\u00bb show_pagination=\u00bboff\u00bb _builder_version=\u00bb4.15&#8243; parallax=\u00bbon\u00bb parallax_method=\u00bbon\u00bb custom_padding=\u00bb|||\u00bb custom_padding_tablet=\u00bb|||\u00bb custom_padding_phone=\u00bb|||\u00bb box_shadow_style=\u00bbpreset6&#8243; box_shadow_blur=\u00bb10px\u00bb box_shadow_color=\u00bbrgba(0,0,0,0.1)\u00bb show_inner_shadow=\u00bbon\u00bb global_colors_info=\u00bb{}\u00bb button_text_size__hover_enabled=\u00bboff\u00bb button_one_text_size__hover_enabled=\u00bboff\u00bb button_two_text_size__hover_enabled=\u00bboff\u00bb button_text_color__hover_enabled=\u00bboff\u00bb button_one_text_color__hover_enabled=\u00bboff\u00bb button_two_text_color__hover_enabled=\u00bboff\u00bb button_border_width__hover_enabled=\u00bboff\u00bb button_one_border_width__hover_enabled=\u00bboff\u00bb button_two_border_width__hover_enabled=\u00bboff\u00bb button_border_color__hover_enabled=\u00bboff\u00bb button_one_border_color__hover_enabled=\u00bboff\u00bb button_two_border_color__hover_enabled=\u00bboff\u00bb button_border_radius__hover_enabled=\u00bboff\u00bb button_one_border_radius__hover_enabled=\u00bboff\u00bb button_two_border_radius__hover_enabled=\u00bboff\u00bb button_letter_spacing__hover_enabled=\u00bboff\u00bb button_one_letter_spacing__hover_enabled=\u00bboff\u00bb button_two_letter_spacing__hover_enabled=\u00bboff\u00bb button_bg_color__hover_enabled=\u00bboff\u00bb button_one_bg_color__hover_enabled=\u00bboff\u00bb button_two_bg_color__hover_enabled=\u00bboff\u00bb][et_pb_slide heading=\u00bb\u00bfQu\u00e9 puedo hacer?\u00bb use_bg_overlay=\u00bbon\u00bb bg_overlay_color=\u00bbrgba(0,0,0,0.32)\u00bb use_text_overlay=\u00bboff\u00bb _builder_version=\u00bb4.15&#8243; header_font=\u00bb||||\u00bb header_font_size=\u00bb42px\u00bb header_line_height=\u00bb1.3em\u00bb body_font=\u00bb||||\u00bb body_font_size=\u00bb22px\u00bb background_color=\u00bb#ffffff\u00bb background_image=\u00bbhttps:\/\/www.lacabanademozoncillo.es\/sp\/wp-content\/uploads\/2016\/12\/vista2.jpg\u00bb background_enable_image=\u00bbon\u00bb button_icon_placement=\u00bbright\u00bb button_on_hover=\u00bbon\u00bb header_font_size_tablet=\u00bb38px\u00bb header_font_size_phone=\u00bb38px\u00bb header_line_height_tablet=\u00bb1.3em\u00bb header_line_height_phone=\u00bb1.3em\u00bb body_font_size_tablet=\u00bb20px\u00bb body_font_size_phone=\u00bb20px\u00bb global_colors_info=\u00bb{}\u00bb button_text_size__hover_enabled=\u00bboff\u00bb button_one_text_size__hover_enabled=\u00bboff\u00bb button_two_text_size__hover_enabled=\u00bboff\u00bb button_text_color__hover_enabled=\u00bboff\u00bb button_one_text_color__hover_enabled=\u00bboff\u00bb button_two_text_color__hover_enabled=\u00bboff\u00bb button_border_width__hover_enabled=\u00bboff\u00bb button_one_border_width__hover_enabled=\u00bboff\u00bb button_two_border_width__hover_enabled=\u00bboff\u00bb button_border_color__hover_enabled=\u00bboff\u00bb button_one_border_color__hover_enabled=\u00bboff\u00bb button_two_border_color__hover_enabled=\u00bboff\u00bb button_border_radius__hover_enabled=\u00bboff\u00bb button_one_border_radius__hover_enabled=\u00bboff\u00bb button_two_border_radius__hover_enabled=\u00bboff\u00bb button_letter_spacing__hover_enabled=\u00bboff\u00bb button_one_letter_spacing__hover_enabled=\u00bboff\u00bb button_two_letter_spacing__hover_enabled=\u00bboff\u00bb button_bg_color__hover_enabled=\u00bboff\u00bb button_one_bg_color__hover_enabled=\u00bboff\u00bb button_two_bg_color__hover_enabled=\u00bboff\u00bb sticky_transition=\u00bbon\u00bb]por su situaci\u00f3n geogr\u00e1fica, se abre un amplio abanico de posibilidades&#8230;[\/et_pb_slide][\/et_pb_fullwidth_slider][\/et_pb_section][et_pb_section fb_built=\u00bb1&#8243; custom_padding_last_edited=\u00bbon|desktop\u00bb _builder_version=\u00bb4.15&#8243; custom_padding=\u00bb0px|0px|0px|0px\u00bb custom_padding_tablet=\u00bb50px|0|50px|0&#8243; custom_padding_phone=\u00bb\u00bb padding_mobile=\u00bboff\u00bb global_colors_info=\u00bb{}\u00bb][et_pb_row column_structure=\u00bb1_4,1_4,1_4,1_4&#8243; use_custom_gutter=\u00bbon\u00bb gutter_width=\u00bb0&#8243; padding_mobile=\u00bboff\u00bb make_equal=\u00bbon\u00bb column_padding_mobile=\u00bbon\u00bb module_class=\u00bb et_pb_row_fullwidth\u00bb _builder_version=\u00bb4.15&#8243; background_color=\u00bb#f0e9dc\u00bb background_size=\u00bbinitial\u00bb background_position=\u00bbtop_left\u00bb background_repeat=\u00bbrepeat\u00bb width=\u00bb100%\u00bb width_tablet=\u00bb100%\u00bb width_phone=\u00bb\u00bb width_last_edited=\u00bbon|desktop\u00bb max_width=\u00bb100%\u00bb max_width_tablet=\u00bb100%\u00bb max_width_phone=\u00bb\u00bb max_width_last_edited=\u00bbon|desktop\u00bb custom_padding=\u00bb0px|0px|0px|0px\u00bb make_fullwidth=\u00bbon\u00bb global_colors_info=\u00bb{}\u00bb][et_pb_column type=\u00bb1_4&#8243; _builder_version=\u00bb4.15&#8243; custom_padding=\u00bb|||\u00bb global_colors_info=\u00bb{}\u00bb custom_padding__hover=\u00bb|||\u00bb][et_pb_cta title=\u00bbComarca de Juarros\u00bb button_url=\u00bbhttp:\/\/www.lacabanademozoncillo.es\/sp\/wp-content\/uploads\/2016\/12\/LacomarcadeJuarros.pdf\u00bb url_new_window=\u00bbon\u00bb button_text=\u00bbm\u00e1s informaci\u00f3n\u00bb _builder_version=\u00bb4.15&#8243; use_background_color=\u00bboff\u00bb background_size=\u00bbinitial\u00bb background_position=\u00bbtop_left\u00bb background_repeat=\u00bbrepeat\u00bb custom_button=\u00bbon\u00bb button_text_size=\u00bb16px\u00bb text_orientation=\u00bbleft\u00bb background_layout=\u00bblight\u00bb custom_margin=\u00bb12%|12%|12%|12%\u00bb global_colors_info=\u00bb{}\u00bb button_text_size__hover_enabled=\u00bboff\u00bb button_one_text_size__hover_enabled=\u00bboff\u00bb button_two_text_size__hover_enabled=\u00bboff\u00bb button_text_color__hover_enabled=\u00bboff\u00bb button_one_text_color__hover_enabled=\u00bboff\u00bb button_two_text_color__hover_enabled=\u00bboff\u00bb button_border_width__hover_enabled=\u00bboff\u00bb button_one_border_width__hover_enabled=\u00bboff\u00bb button_two_border_width__hover_enabled=\u00bboff\u00bb button_border_color__hover_enabled=\u00bboff\u00bb button_one_border_color__hover_enabled=\u00bboff\u00bb button_two_border_color__hover_enabled=\u00bboff\u00bb button_border_radius__hover_enabled=\u00bboff\u00bb button_one_border_radius__hover_enabled=\u00bboff\u00bb button_two_border_radius__hover_enabled=\u00bboff\u00bb button_letter_spacing__hover_enabled=\u00bboff\u00bb button_one_letter_spacing__hover_enabled=\u00bboff\u00bb button_two_letter_spacing__hover_enabled=\u00bboff\u00bb button_bg_color__hover_enabled=\u00bboff\u00bb button_one_bg_color__hover_enabled=\u00bboff\u00bb button_two_bg_color__hover_enabled=\u00bboff\u00bb]Al sudeste de la provincia de Burgos, a tan s\u00f3lo 15 Km. de la capital, por la carretera N-120, nos encontramos con la Comarca de Juarros, en las estribaciones de la Sierra de la Demanda.<\/p>\n<p>El top\u00f3nimo \u201cXuarros\u201d, de origen eusk\u00e9rico, significa OLMOS, aludiendo a un tipo de \u00e1rbol que era muy abundante en la zona.<br \/>\n[\/et_pb_cta][\/et_pb_column][et_pb_column type=\u00bb1_4&#8243; _builder_version=\u00bb4.15&#8243; background_image=\u00bbhttps:\/\/www.lacabanademozoncillo.es\/sp\/wp-content\/uploads\/2016\/12\/bujedo_juarros.jpg\u00bb custom_padding=\u00bb||100px|\u00bb global_colors_info=\u00bb{}\u00bb custom_padding__hover=\u00bb|||\u00bb][et_pb_divider show_divider=\u00bboff\u00bb disabled_on=\u00bbon|on|off\u00bb _builder_version=\u00bb4.15&#8243; height=\u00bb200px\u00bb global_colors_info=\u00bb{}\u00bb][\/et_pb_divider][\/et_pb_column][et_pb_column type=\u00bb1_4&#8243; _builder_version=\u00bb4.15&#8243; custom_padding=\u00bb|||\u00bb global_colors_info=\u00bb{}\u00bb custom_padding__hover=\u00bb|||\u00bb][et_pb_cta title=\u00bbTurismo Activo\u00bb button_url=\u00bbhttp:\/\/www.lacabanademozoncillo.es\/sp\/turismo-activo-en-el-valle-de-juarros\/\u00bb button_text=\u00bbm\u00e1s informaci\u00f3n\u00bb _builder_version=\u00bb4.15&#8243; use_background_color=\u00bboff\u00bb background_size=\u00bbinitial\u00bb background_position=\u00bbtop_left\u00bb background_repeat=\u00bbrepeat\u00bb custom_button=\u00bbon\u00bb button_text_size=\u00bb16px\u00bb text_orientation=\u00bbleft\u00bb background_layout=\u00bblight\u00bb custom_margin=\u00bb12%|12%|12%|12%\u00bb global_colors_info=\u00bb{}\u00bb button_text_size__hover_enabled=\u00bboff\u00bb button_one_text_size__hover_enabled=\u00bboff\u00bb button_two_text_size__hover_enabled=\u00bboff\u00bb button_text_color__hover_enabled=\u00bboff\u00bb button_one_text_color__hover_enabled=\u00bboff\u00bb button_two_text_color__hover_enabled=\u00bboff\u00bb button_border_width__hover_enabled=\u00bboff\u00bb button_one_border_width__hover_enabled=\u00bboff\u00bb button_two_border_width__hover_enabled=\u00bboff\u00bb button_border_color__hover_enabled=\u00bboff\u00bb button_one_border_color__hover_enabled=\u00bboff\u00bb button_two_border_color__hover_enabled=\u00bboff\u00bb button_border_radius__hover_enabled=\u00bboff\u00bb button_one_border_radius__hover_enabled=\u00bboff\u00bb button_two_border_radius__hover_enabled=\u00bboff\u00bb button_letter_spacing__hover_enabled=\u00bboff\u00bb button_one_letter_spacing__hover_enabled=\u00bboff\u00bb button_two_letter_spacing__hover_enabled=\u00bboff\u00bb button_bg_color__hover_enabled=\u00bboff\u00bb button_one_bg_color__hover_enabled=\u00bboff\u00bb button_two_bg_color__hover_enabled=\u00bboff\u00bb]El Valle de Juarros, muy pr\u00f3ximo a la Sierra de la Demanda, cuenta con una diversidad de fauna, flora, bosques y una amplia variedad de iglesias rom\u00e1nicas y construcciones t\u00edpicas de la arquitectura serrana.\u00a0Cercano a Burgos\u00a0y a los Yacimientos de Atapuerca, es un recorrido de obligada asistencia.<br \/>\n[\/et_pb_cta][\/et_pb_column][et_pb_column type=\u00bb1_4&#8243; _builder_version=\u00bb4.15&#8243; custom_padding=\u00bb|||\u00bb global_colors_info=\u00bb{}\u00bb custom_padding__hover=\u00bb|||\u00bb][et_pb_cta title=\u00bbEstaci\u00f3n de esqu\u00ed %22Valle del Sol%22&#8243; button_url=\u00bbhttp:\/\/www.lacabanademozoncillo.es\/sp\/pineda-de-la-sierra-y-pico-mencilla\/\u00bb button_text=\u00bbm\u00e1s informaci\u00f3n\u00bb _builder_version=\u00bb4.15&#8243; use_background_color=\u00bboff\u00bb background_size=\u00bbinitial\u00bb background_position=\u00bbtop_left\u00bb background_repeat=\u00bbrepeat\u00bb custom_button=\u00bbon\u00bb button_text_size=\u00bb16px\u00bb text_orientation=\u00bbleft\u00bb background_layout=\u00bblight\u00bb custom_margin=\u00bb12%|12%|12%|12%\u00bb global_colors_info=\u00bb{}\u00bb button_text_size__hover_enabled=\u00bboff\u00bb button_one_text_size__hover_enabled=\u00bboff\u00bb button_two_text_size__hover_enabled=\u00bboff\u00bb button_text_color__hover_enabled=\u00bboff\u00bb button_one_text_color__hover_enabled=\u00bboff\u00bb button_two_text_color__hover_enabled=\u00bboff\u00bb button_border_width__hover_enabled=\u00bboff\u00bb button_one_border_width__hover_enabled=\u00bboff\u00bb button_two_border_width__hover_enabled=\u00bboff\u00bb button_border_color__hover_enabled=\u00bboff\u00bb button_one_border_color__hover_enabled=\u00bboff\u00bb button_two_border_color__hover_enabled=\u00bboff\u00bb button_border_radius__hover_enabled=\u00bboff\u00bb button_one_border_radius__hover_enabled=\u00bboff\u00bb button_two_border_radius__hover_enabled=\u00bboff\u00bb button_letter_spacing__hover_enabled=\u00bboff\u00bb button_one_letter_spacing__hover_enabled=\u00bboff\u00bb button_two_letter_spacing__hover_enabled=\u00bboff\u00bb button_bg_color__hover_enabled=\u00bboff\u00bb button_one_bg_color__hover_enabled=\u00bboff\u00bb button_two_bg_color__hover_enabled=\u00bboff\u00bb]<strong>Pineda de la Sierra y Pico Mencilla<\/strong><\/p>\n<p>Se trata de una ruta larga y con fuertes pendientes. Precauci\u00f3n en el descenso desde la Sierra por la pista de esqu\u00ed. En invierno debido a la presencia de hielo y nieve s\u00f3lo est\u00e1 recomendada para monta\u00f1eros experimentados.<br \/>\n[\/et_pb_cta][\/et_pb_column][\/et_pb_row][et_pb_row column_structure=\u00bb1_4,1_4,1_2&#8243; use_custom_gutter=\u00bbon\u00bb gutter_width=\u00bb0&#8243; padding_mobile=\u00bboff\u00bb make_equal=\u00bbon\u00bb column_padding_mobile=\u00bbon\u00bb module_class=\u00bb et_pb_row_fullwidth\u00bb _builder_version=\u00bb4.15&#8243; background_color=\u00bbrgba(0,0,0,0.1)\u00bb background_size=\u00bbinitial\u00bb background_position=\u00bbtop_left\u00bb background_repeat=\u00bbrepeat\u00bb width=\u00bb100%\u00bb width_tablet=\u00bb100%\u00bb width_phone=\u00bb\u00bb width_last_edited=\u00bbon|desktop\u00bb max_width=\u00bb100%\u00bb max_width_tablet=\u00bb100%\u00bb max_width_phone=\u00bb\u00bb max_width_last_edited=\u00bbon|desktop\u00bb custom_padding=\u00bb0px|0px|0px|0px\u00bb make_fullwidth=\u00bbon\u00bb global_colors_info=\u00bb{}\u00bb][et_pb_column type=\u00bb1_4&#8243; _builder_version=\u00bb4.15&#8243; background_image=\u00bbhttps:\/\/www.lacabanademozoncillo.es\/sp\/wp-content\/uploads\/2016\/12\/senderismo.jpg\u00bb custom_padding=\u00bb||100px|\u00bb global_colors_info=\u00bb{}\u00bb custom_padding__hover=\u00bb|||\u00bb][et_pb_divider show_divider=\u00bboff\u00bb disabled_on=\u00bbon|on|off\u00bb _builder_version=\u00bb4.15&#8243; height=\u00bb200px\u00bb global_colors_info=\u00bb{}\u00bb][\/et_pb_divider][\/et_pb_column][et_pb_column type=\u00bb1_4&#8243; _builder_version=\u00bb4.15&#8243; custom_padding=\u00bb|||\u00bb global_colors_info=\u00bb{}\u00bb custom_padding__hover=\u00bb|||\u00bb][et_pb_cta title=\u00bbActividades\u00bb button_url=\u00bbhttp:\/\/www.lacabanademozoncillo.es\/sp\/wp-content\/uploads\/2016\/12\/Mozoncillo_De_Juarros.pdf\u00bb url_new_window=\u00bbon\u00bb button_text=\u00bbMozoncillo de Juarros\u00bb _builder_version=\u00bb4.15&#8243; use_background_color=\u00bboff\u00bb background_size=\u00bbinitial\u00bb background_position=\u00bbtop_left\u00bb background_repeat=\u00bbrepeat\u00bb custom_button=\u00bbon\u00bb button_text_size=\u00bb16px\u00bb text_orientation=\u00bbleft\u00bb background_layout=\u00bblight\u00bb custom_margin=\u00bb12%|12%|12%|12%\u00bb global_colors_info=\u00bb{}\u00bb button_text_size__hover_enabled=\u00bboff\u00bb button_one_text_size__hover_enabled=\u00bboff\u00bb button_two_text_size__hover_enabled=\u00bboff\u00bb button_text_color__hover_enabled=\u00bboff\u00bb button_one_text_color__hover_enabled=\u00bboff\u00bb button_two_text_color__hover_enabled=\u00bboff\u00bb button_border_width__hover_enabled=\u00bboff\u00bb button_one_border_width__hover_enabled=\u00bboff\u00bb button_two_border_width__hover_enabled=\u00bboff\u00bb button_border_color__hover_enabled=\u00bboff\u00bb button_one_border_color__hover_enabled=\u00bboff\u00bb button_two_border_color__hover_enabled=\u00bboff\u00bb button_border_radius__hover_enabled=\u00bboff\u00bb button_one_border_radius__hover_enabled=\u00bboff\u00bb button_two_border_radius__hover_enabled=\u00bboff\u00bb button_letter_spacing__hover_enabled=\u00bboff\u00bb button_one_letter_spacing__hover_enabled=\u00bboff\u00bb button_two_letter_spacing__hover_enabled=\u00bboff\u00bb button_bg_color__hover_enabled=\u00bboff\u00bb button_one_bg_color__hover_enabled=\u00bboff\u00bb button_two_bg_color__hover_enabled=\u00bboff\u00bb]Disfruta de la zona y de las estribaciones de la Sierra de la Demanda:<\/p>\n<ul>\n<li>Senderismo. <a href=\"http:\/\/www.sierradelademanda.com\/es\/turismo\/index.asp?iddoc=203#\" target=\"_blank\" rel=\"noopener noreferrer\">Ferrocaril Minero\u00a0\u00bb<\/a><\/li>\n<li>Recogida de setas.<\/li>\n<li>Fiesta de la Matanza.<\/li>\n<li>Burgos capital.<\/li>\n<li>Yacimientos de Atapuerca.<\/li>\n<\/ul>\n<p>[\/et_pb_cta][\/et_pb_column][et_pb_column type=\u00bb1_2&#8243; _builder_version=\u00bb4.15&#8243; background_image=\u00bbhttps:\/\/www.lacabanademozoncillo.es\/sp\/wp-content\/uploads\/2016\/12\/catedral2.jpg\u00bb custom_padding=\u00bb||100px|\u00bb global_colors_info=\u00bb{}\u00bb custom_padding__hover=\u00bb|||\u00bb][et_pb_divider show_divider=\u00bboff\u00bb disabled_on=\u00bbon|on|off\u00bb _builder_version=\u00bb4.15&#8243; height=\u00bb200px\u00bb global_colors_info=\u00bb{}\u00bb][\/et_pb_divider][\/et_pb_column][\/et_pb_row][et_pb_row module_id=\u00bbdondecomer\u00bb _builder_version=\u00bb4.15&#8243; background_size=\u00bbinitial\u00bb background_position=\u00bbtop_left\u00bb background_repeat=\u00bbrepeat\u00bb custom_padding=\u00bb27px|0px|0px|0px\u00bb global_colors_info=\u00bb{}\u00bb][et_pb_column type=\u00bb4_4&#8243; _builder_version=\u00bb4.15&#8243; background_position=\u00bbtop_left\u00bb custom_padding=\u00bb|||\u00bb global_colors_info=\u00bb{}\u00bb custom_padding__hover=\u00bb|||\u00bb][et_pb_text _builder_version=\u00bb4.15&#8243; background_size=\u00bbinitial\u00bb background_position=\u00bbtop_left\u00bb background_repeat=\u00bbrepeat\u00bb text_orientation=\u00bbcenter\u00bb module_alignment=\u00bbcenter\u00bb custom_margin=\u00bb0px||20px|\u00bb global_colors_info=\u00bb{}\u00bb]<\/p>\n<h3>D\u00f3nde comer<\/h3>\n<p>[\/et_pb_text][\/et_pb_column][\/et_pb_row][et_pb_row column_structure=\u00bb1_4,1_4,1_4,1_4&#8243; use_custom_gutter=\u00bbon\u00bb gutter_width=\u00bb1&#8243; make_equal=\u00bbon\u00bb module_class=\u00bb et_pb_row_fullwidth\u00bb _builder_version=\u00bb4.15&#8243; background_color=\u00bb#f0e9dc\u00bb background_size=\u00bbinitial\u00bb background_position=\u00bbtop_left\u00bb background_repeat=\u00bbrepeat\u00bb width=\u00bb100%\u00bb width_tablet=\u00bb100%\u00bb width_phone=\u00bb\u00bb width_last_edited=\u00bbon|desktop\u00bb max_width=\u00bb100%\u00bb max_width_tablet=\u00bb100%\u00bb max_width_phone=\u00bb\u00bb max_width_last_edited=\u00bbon|desktop\u00bb custom_padding=\u00bb0px|0px|0px|0px\u00bb make_fullwidth=\u00bbon\u00bb global_colors_info=\u00bb{}\u00bb][et_pb_column type=\u00bb1_4&#8243; _builder_version=\u00bb4.15&#8243; custom_padding=\u00bb|||\u00bb global_colors_info=\u00bb{}\u00bb custom_padding__hover=\u00bb|||\u00bb][et_pb_cta title=\u00bbGastronom\u00eda\u00bb button_url=\u00bbhttp:\/\/www.lacabanademozoncillo.es\/sp\/gastronomia-de-burgos\/\u00bb button_text=\u00bbgastronom\u00eda burgalesa\u00bb _builder_version=\u00bb4.15&#8243; use_background_color=\u00bboff\u00bb background_size=\u00bbinitial\u00bb background_position=\u00bbtop_left\u00bb background_repeat=\u00bbrepeat\u00bb custom_button=\u00bbon\u00bb button_text_size=\u00bb16px\u00bb text_orientation=\u00bbleft\u00bb background_layout=\u00bblight\u00bb custom_margin=\u00bb12%|12%|12%|12%\u00bb global_colors_info=\u00bb{}\u00bb button_text_size__hover_enabled=\u00bboff\u00bb button_one_text_size__hover_enabled=\u00bboff\u00bb button_two_text_size__hover_enabled=\u00bboff\u00bb button_text_color__hover_enabled=\u00bboff\u00bb button_one_text_color__hover_enabled=\u00bboff\u00bb button_two_text_color__hover_enabled=\u00bboff\u00bb button_border_width__hover_enabled=\u00bboff\u00bb button_one_border_width__hover_enabled=\u00bboff\u00bb button_two_border_width__hover_enabled=\u00bboff\u00bb button_border_color__hover_enabled=\u00bboff\u00bb button_one_border_color__hover_enabled=\u00bboff\u00bb button_two_border_color__hover_enabled=\u00bboff\u00bb button_border_radius__hover_enabled=\u00bboff\u00bb button_one_border_radius__hover_enabled=\u00bboff\u00bb button_two_border_radius__hover_enabled=\u00bboff\u00bb button_letter_spacing__hover_enabled=\u00bboff\u00bb button_one_letter_spacing__hover_enabled=\u00bboff\u00bb button_two_letter_spacing__hover_enabled=\u00bboff\u00bb button_bg_color__hover_enabled=\u00bboff\u00bb button_one_bg_color__hover_enabled=\u00bboff\u00bb button_two_bg_color__hover_enabled=\u00bboff\u00bb]Restaurantes t\u00edpicos con comida tradicional castellana:<\/p>\n<ul>\n<li>Olla podrida.<\/li>\n<li>Alubias rojas.<\/li>\n<li>Morcilla de Burgos.<\/li>\n<li>Embutidos t\u00edpicos de la matanza.<\/li>\n<li>Productos micol\u00f3gicos.<\/li>\n<li>Pan de le\u00f1a.<\/li>\n<\/ul>\n<p>[\/et_pb_cta][\/et_pb_column][et_pb_column type=\u00bb1_4&#8243; _builder_version=\u00bb4.15&#8243; background_image=\u00bbhttps:\/\/www.lacabanademozoncillo.es\/sp\/wp-content\/uploads\/2016\/12\/olla_podrida_burgos.jpg\u00bb custom_padding=\u00bb||100px|\u00bb global_colors_info=\u00bb{}\u00bb custom_padding__hover=\u00bb|||\u00bb][et_pb_divider show_divider=\u00bboff\u00bb disabled_on=\u00bbon|on|off\u00bb _builder_version=\u00bb4.15&#8243; height=\u00bb200px\u00bb global_colors_info=\u00bb{}\u00bb][\/et_pb_divider][\/et_pb_column][et_pb_column type=\u00bb1_4&#8243; _builder_version=\u00bb4.15&#8243; custom_padding=\u00bb|||\u00bb global_colors_info=\u00bb{}\u00bb custom_padding__hover=\u00bb|||\u00bb][et_pb_text _builder_version=\u00bb4.15&#8243; background_size=\u00bbinitial\u00bb background_position=\u00bbtop_left\u00bb background_repeat=\u00bbrepeat\u00bb custom_margin=\u00bb12%|12%|12%|12%\u00bb global_colors_info=\u00bb{}\u00bb]<\/p>\n<h4>La Cantina \u00abMozoncillo\u00bb<\/h4>\n<p>Degusta la mejor cocina tradicional de la zona:<\/p>\n<ul>\n<li>Rabas.<\/li>\n<li>Bravas.<\/li>\n<li>Chorizo a la sidra.<\/li>\n<li>Tigres.<\/li>\n<li>Croquetas.<\/li>\n<li>Oreja a la gallega<\/li>\n<li>Torreznos.<\/li>\n<li>Picadillo.<\/li>\n<\/ul>\n<p>[\/et_pb_text][\/et_pb_column][et_pb_column type=\u00bb1_4&#8243; _builder_version=\u00bb4.15&#8243; custom_padding=\u00bb|||\u00bb global_colors_info=\u00bb{}\u00bb custom_padding__hover=\u00bb|||\u00bb][et_pb_text _builder_version=\u00bb4.15&#8243; background_size=\u00bbinitial\u00bb background_position=\u00bbtop_left\u00bb background_repeat=\u00bbrepeat\u00bb custom_margin=\u00bb12%|12%|12%|12%\u00bb global_colors_info=\u00bb{}\u00bb]&nbsp;<\/p>\n<ul>\n<li>Merluza en salsa verde.<\/li>\n<li>Lengua con champi\u00f1ones.<\/li>\n<li>Bacalao con tomate.<\/li>\n<li>Rabo con patatas.<\/li>\n<li>Olla podrida.<\/li>\n<li>Pata y oreja.<\/li>\n<li>Carrilleras.<\/li>\n<li>Callos.<\/li>\n<\/ul>\n<p>M\u00f3vil: 665 088 334<br \/>\n[\/et_pb_text][\/et_pb_column][\/et_pb_row][\/et_pb_section][et_pb_section fb_built=\u00bb1&#8243; module_id=\u00bbcomollegar\u00bb _builder_version=\u00bb4.15&#8243; custom_padding=\u00bb15px|0px|0px|0px\u00bb global_colors_info=\u00bb{}\u00bb][et_pb_row _builder_version=\u00bb4.15&#8243; background_size=\u00bbinitial\u00bb background_position=\u00bbtop_left\u00bb background_repeat=\u00bbrepeat\u00bb custom_padding=\u00bb19px|0px|0px|0px\u00bb global_colors_info=\u00bb{}\u00bb][et_pb_column type=\u00bb4_4&#8243; _builder_version=\u00bb4.15&#8243; custom_padding=\u00bb|||\u00bb global_colors_info=\u00bb{}\u00bb custom_padding__hover=\u00bb|||\u00bb][et_pb_text _builder_version=\u00bb4.15&#8243; background_size=\u00bbinitial\u00bb background_position=\u00bbtop_left\u00bb background_repeat=\u00bbrepeat\u00bb text_orientation=\u00bbcenter\u00bb module_alignment=\u00bbcenter\u00bb custom_margin=\u00bb0px||20px|\u00bb global_colors_info=\u00bb{}\u00bb]<\/p>\n<h3>C\u00f3mo llegar<\/h3>\n<p>[\/et_pb_text][\/et_pb_column][\/et_pb_row][\/et_pb_section][et_pb_section fb_built=\u00bb1&#8243; fullwidth=\u00bbon\u00bb custom_padding_last_edited=\u00bbon|desktop\u00bb module_id=\u00bbcontacto\u00bb _builder_version=\u00bb4.15&#8243; custom_padding_tablet=\u00bb50px|0|50px|0&#8243; custom_padding_phone=\u00bb\u00bb padding_mobile=\u00bboff\u00bb global_colors_info=\u00bb{}\u00bb][et_pb_fullwidth_map address=\u00bbCalle Alta, 36, 09198 Ibeas de Juarros, Burgos, Espa\u00f1a\u00bb zoom_level=\u00bb11&#8243; address_lat=\u00bb42.34041925684441&#8243; address_lng=\u00bb-3.480714970117227&#8243; _builder_version=\u00bb4.15&#8243; global_colors_info=\u00bb{}\u00bb][et_pb_map_pin title=\u00bbCasa Rural La Caba\u00f1a\u00bb pin_address=\u00bbCalle Alta, 36, 09198 Ibeas de Juarros, Burgos, Espa\u00f1a\u00bb pin_address_lat=\u00bb42.306405&#8243; pin_address_lng=\u00bb-3.514360600000032&#8243; _builder_version=\u00bb3.0.47&#8243; global_colors_info=\u00bb{}\u00bb] [\/et_pb_map_pin][et_pb_map_pin title=\u00bbAtapuerca\u00bb pin_address=\u00bb09199 Atapuerca, Burgos, Espa\u00f1a\u00bb pin_address_lat=\u00bb42.3766044&#8243; pin_address_lng=\u00bb-3.507294600000023&#8243; _builder_version=\u00bb3.0.47&#8243; global_colors_info=\u00bb{}\u00bb] [\/et_pb_map_pin][et_pb_map_pin title=\u00bbBurgos\u00bb pin_address=\u00bbBurgos, Espa\u00f1a\u00bb pin_address_lat=\u00bb42.3439925&#8243; pin_address_lng=\u00bb-3.6969060000000127&#8243; _builder_version=\u00bb3.0.47&#8243; global_colors_info=\u00bb{}\u00bb] [\/et_pb_map_pin][\/et_pb_fullwidth_map][\/et_pb_section][et_pb_section fb_built=\u00bb1&#8243; custom_padding_last_edited=\u00bbon|desktop\u00bb _builder_version=\u00bb4.15&#8243; custom_padding=\u00bb25px|0px|25px|0px\u00bb custom_padding_tablet=\u00bb50px|0|50px|0&#8243; custom_padding_phone=\u00bb\u00bb padding_mobile=\u00bboff\u00bb global_colors_info=\u00bb{}\u00bb][et_pb_row column_structure=\u00bb1_3,1_3,1_3&#8243; padding_mobile=\u00bboff\u00bb column_padding_mobile=\u00bbon\u00bb _builder_version=\u00bb4.15&#8243; background_size=\u00bbinitial\u00bb background_position=\u00bbtop_left\u00bb background_repeat=\u00bbrepeat\u00bb global_colors_info=\u00bb{}\u00bb][et_pb_column type=\u00bb1_3&#8243; _builder_version=\u00bb4.15&#8243; custom_padding=\u00bb|||\u00bb global_colors_info=\u00bb{}\u00bb custom_padding__hover=\u00bb|||\u00bb][et_pb_contact_form email=\u00bbreservas@lacabanademozoncillo.es\u00bb title=\u00bbPonte en contacto con nosotros\u00bb module_id=\u00bbet_pb_contact_form_0&#8243; _builder_version=\u00bb4.15&#8243; _unique_id=\u00bb4f3f8bcf-296b-4cf4-b86e-e206b642692a\u00bb global_colors_info=\u00bb{}\u00bb][et_pb_contact_field field_id=\u00bbName\u00bb field_title=\u00bbNombre\u00bb _builder_version=\u00bb4.15&#8243; form_field_font=\u00bb||||\u00bb use_border_color=\u00bboff\u00bb global_colors_info=\u00bb{}\u00bb button_text_size__hover_enabled=\u00bboff\u00bb button_one_text_size__hover_enabled=\u00bboff\u00bb button_two_text_size__hover_enabled=\u00bboff\u00bb button_text_color__hover_enabled=\u00bboff\u00bb button_one_text_color__hover_enabled=\u00bboff\u00bb button_two_text_color__hover_enabled=\u00bboff\u00bb button_border_width__hover_enabled=\u00bboff\u00bb button_one_border_width__hover_enabled=\u00bboff\u00bb button_two_border_width__hover_enabled=\u00bboff\u00bb button_border_color__hover_enabled=\u00bboff\u00bb button_one_border_color__hover_enabled=\u00bboff\u00bb button_two_border_color__hover_enabled=\u00bboff\u00bb button_border_radius__hover_enabled=\u00bboff\u00bb button_one_border_radius__hover_enabled=\u00bboff\u00bb button_two_border_radius__hover_enabled=\u00bboff\u00bb button_letter_spacing__hover_enabled=\u00bboff\u00bb button_one_letter_spacing__hover_enabled=\u00bboff\u00bb button_two_letter_spacing__hover_enabled=\u00bboff\u00bb button_bg_color__hover_enabled=\u00bboff\u00bb button_one_bg_color__hover_enabled=\u00bboff\u00bb button_two_bg_color__hover_enabled=\u00bboff\u00bb][\/et_pb_contact_field][et_pb_contact_field field_id=\u00bbPhone\u00bb field_title=\u00bbTel\u00e9fono\u00bb _builder_version=\u00bb4.15&#8243; form_field_font=\u00bb||||\u00bb use_border_color=\u00bboff\u00bb global_colors_info=\u00bb{}\u00bb button_text_size__hover_enabled=\u00bboff\u00bb button_one_text_size__hover_enabled=\u00bboff\u00bb button_two_text_size__hover_enabled=\u00bboff\u00bb button_text_color__hover_enabled=\u00bboff\u00bb button_one_text_color__hover_enabled=\u00bboff\u00bb button_two_text_color__hover_enabled=\u00bboff\u00bb button_border_width__hover_enabled=\u00bboff\u00bb button_one_border_width__hover_enabled=\u00bboff\u00bb button_two_border_width__hover_enabled=\u00bboff\u00bb button_border_color__hover_enabled=\u00bboff\u00bb button_one_border_color__hover_enabled=\u00bboff\u00bb button_two_border_color__hover_enabled=\u00bboff\u00bb button_border_radius__hover_enabled=\u00bboff\u00bb button_one_border_radius__hover_enabled=\u00bboff\u00bb button_two_border_radius__hover_enabled=\u00bboff\u00bb button_letter_spacing__hover_enabled=\u00bboff\u00bb button_one_letter_spacing__hover_enabled=\u00bboff\u00bb button_two_letter_spacing__hover_enabled=\u00bboff\u00bb button_bg_color__hover_enabled=\u00bboff\u00bb button_one_bg_color__hover_enabled=\u00bboff\u00bb button_two_bg_color__hover_enabled=\u00bboff\u00bb][\/et_pb_contact_field][et_pb_contact_field field_id=\u00bbEmail\u00bb field_title=\u00bbE-mail\u00bb field_type=\u00bbemail\u00bb fullwidth_field=\u00bbon\u00bb _builder_version=\u00bb4.15&#8243; form_field_font=\u00bb||||\u00bb use_border_color=\u00bboff\u00bb global_colors_info=\u00bb{}\u00bb button_text_size__hover_enabled=\u00bboff\u00bb button_one_text_size__hover_enabled=\u00bboff\u00bb button_two_text_size__hover_enabled=\u00bboff\u00bb button_text_color__hover_enabled=\u00bboff\u00bb button_one_text_color__hover_enabled=\u00bboff\u00bb button_two_text_color__hover_enabled=\u00bboff\u00bb button_border_width__hover_enabled=\u00bboff\u00bb button_one_border_width__hover_enabled=\u00bboff\u00bb button_two_border_width__hover_enabled=\u00bboff\u00bb button_border_color__hover_enabled=\u00bboff\u00bb button_one_border_color__hover_enabled=\u00bboff\u00bb button_two_border_color__hover_enabled=\u00bboff\u00bb button_border_radius__hover_enabled=\u00bboff\u00bb button_one_border_radius__hover_enabled=\u00bboff\u00bb button_two_border_radius__hover_enabled=\u00bboff\u00bb button_letter_spacing__hover_enabled=\u00bboff\u00bb button_one_letter_spacing__hover_enabled=\u00bboff\u00bb button_two_letter_spacing__hover_enabled=\u00bboff\u00bb button_bg_color__hover_enabled=\u00bboff\u00bb button_one_bg_color__hover_enabled=\u00bboff\u00bb button_two_bg_color__hover_enabled=\u00bboff\u00bb][\/et_pb_contact_field][et_pb_contact_field field_id=\u00bbMessage\u00bb field_title=\u00bbMensaje\u00bb field_type=\u00bbtext\u00bb fullwidth_field=\u00bbon\u00bb _builder_version=\u00bb4.15&#8243; global_colors_info=\u00bb{}\u00bb button_text_size__hover_enabled=\u00bboff\u00bb button_one_text_size__hover_enabled=\u00bboff\u00bb button_two_text_size__hover_enabled=\u00bboff\u00bb button_text_color__hover_enabled=\u00bboff\u00bb button_one_text_color__hover_enabled=\u00bboff\u00bb button_two_text_color__hover_enabled=\u00bboff\u00bb button_border_width__hover_enabled=\u00bboff\u00bb button_one_border_width__hover_enabled=\u00bboff\u00bb button_two_border_width__hover_enabled=\u00bboff\u00bb button_border_color__hover_enabled=\u00bboff\u00bb button_one_border_color__hover_enabled=\u00bboff\u00bb button_two_border_color__hover_enabled=\u00bboff\u00bb button_border_radius__hover_enabled=\u00bboff\u00bb button_one_border_radius__hover_enabled=\u00bboff\u00bb button_two_border_radius__hover_enabled=\u00bboff\u00bb button_letter_spacing__hover_enabled=\u00bboff\u00bb button_one_letter_spacing__hover_enabled=\u00bboff\u00bb button_two_letter_spacing__hover_enabled=\u00bboff\u00bb button_bg_color__hover_enabled=\u00bboff\u00bb button_one_bg_color__hover_enabled=\u00bboff\u00bb button_two_bg_color__hover_enabled=\u00bboff\u00bb][\/et_pb_contact_field][\/et_pb_contact_form][\/et_pb_column][et_pb_column type=\u00bb1_3&#8243; _builder_version=\u00bb4.15&#8243; custom_padding=\u00bb|||\u00bb global_colors_info=\u00bb{}\u00bb custom_padding__hover=\u00bb|||\u00bb][et_pb_divider show_divider=\u00bboff\u00bb disabled_on=\u00bbon|on|off\u00bb _builder_version=\u00bb4.15&#8243; height=\u00bb15px\u00bb global_colors_info=\u00bb{}\u00bb][\/et_pb_divider][et_pb_blurb title=\u00bbLa Caba\u00f1a de Mozoncillo\u00bb use_icon=\u00bbon\u00bb font_icon=\u00bb&#xe009;||divi||400&#8243; icon_placement=\u00bbleft\u00bb _builder_version=\u00bb4.15.1&#8243; background_size=\u00bbinitial\u00bb background_position=\u00bbtop_left\u00bb background_repeat=\u00bbrepeat\u00bb animation=\u00bboff\u00bb hover_enabled=\u00bb0&#8243; global_colors_info=\u00bb{}\u00bb sticky_enabled=\u00bb0&#8243;]Pilar Miguel Mill\u00e1n<\/p>\n<p>Calle Alta, 36<br \/>\n09198 Mozoncillo de Juarros (Burgos)<br \/>\nTelf.: 947 224 289<br \/>\nM\u00f3vil: 696 485 544 &#8211; 606 546 681<\/p>\n<p><a href=\"https:\/\/www.lacabanademozoncillo.es\/sp\/reservas\/\">RESERVAS ONLINE\u00a0\u00bb<\/a><br \/>\n<a href=\"mailto:reservas@lacabanademozoncillo.es\">Correo electr\u00f3nico\u00a0\u00bb<\/a><br \/>\n[\/et_pb_blurb][\/et_pb_column][et_pb_column type=\u00bb1_3&#8243; _builder_version=\u00bb4.15&#8243; custom_padding=\u00bb|||\u00bb global_colors_info=\u00bb{}\u00bb custom_padding__hover=\u00bb|||\u00bb][et_pb_text _builder_version=\u00bb4.15&#8243; background_size=\u00bbinitial\u00bb background_position=\u00bbtop_left\u00bb background_repeat=\u00bbrepeat\u00bb custom_margin=\u00bb||0px|\u00bb custom_padding=\u00bb|||\u00bb global_colors_info=\u00bb{}\u00bb]<\/p>\n<h4>Actualidad<\/h4>\n<p>[\/et_pb_text][et_pb_blog posts_number=\u00bb2&#8243; show_thumbnail=\u00bboff\u00bb show_author=\u00bboff\u00bb show_categories=\u00bboff\u00bb show_pagination=\u00bboff\u00bb _builder_version=\u00bb4.15&#8243; header_font_size=\u00bb19px\u00bb body_line_height=\u00bb1.5em\u00bb meta_line_height=\u00bb1em\u00bb global_colors_info=\u00bb{}\u00bb][\/et_pb_blog][\/et_pb_column][\/et_pb_row][\/et_pb_section]<\/p>\n","protected":false},"excerpt":{"rendered":"<p>Un para\u00edso donde disfrutar la tranquilidad, huir de las prisas de la ciudad y contemplar los peque\u00f1os placeres de la vida&#8230;La Caba\u00f1a de Mozoncillo se encuentra en un peque\u00f1o pueblo burgal\u00e9s llamado Mozoncillo de JuarrosLa casa rural es de piedra\u00a0por fuera y madera por dentro. Ha sido restaurada en el a\u00f1o 2008. Tiene una capacidad [&hellip;]<\/p>\n","protected":false},"author":2,"featured_media":0,"parent":0,"menu_order":0,"comment_status":"closed","ping_status":"closed","template":"","meta":{"_et_pb_use_builder":"on","_et_pb_old_content":"","_et_gb_content_width":"","footnotes":""},"_links":{"self":[{"href":"https:\/\/www.lacabanademozoncillo.es\/sp\/wp-json\/wp\/v2\/pages\/70"}],"collection":[{"href":"https:\/\/www.lacabanademozoncillo.es\/sp\/wp-json\/wp\/v2\/pages"}],"about":[{"href":"https:\/\/www.lacabanademozoncillo.es\/sp\/wp-json\/wp\/v2\/types\/page"}],"author":[{"embeddable":true,"href":"https:\/\/www.lacabanademozoncillo.es\/sp\/wp-json\/wp\/v2\/users\/2"}],"replies":[{"embeddable":true,"href":"https:\/\/www.lacabanademozoncillo.es\/sp\/wp-json\/wp\/v2\/comments?post=70"}],"version-history":[{"count":235,"href":"https:\/\/www.lacabanademozoncillo.es\/sp\/wp-json\/wp\/v2\/pages\/70\/revisions"}],"predecessor-version":[{"id":972,"href":"https:\/\/www.lacabanademozoncillo.es\/sp\/wp-json\/wp\/v2\/pages\/70\/revisions\/972"}],"wp:attachment":[{"href":"https:\/\/www.lacabanademozoncillo.es\/sp\/wp-json\/wp\/v2\/media?parent=70"}],"curies":[{"name":"wp","href":"https:\/\/api.w.org\/{rel}","templated":true}]}}